{"id":2,"date":"2015-08-31T21:14:50","date_gmt":"2015-08-31T19:14:50","guid":{"rendered":"http:\/\/dev.kindersprache.ch\/?page_id=2"},"modified":"2015-09-12T21:55:43","modified_gmt":"2015-09-12T19:55:43","slug":"beispiel-seite","status":"publish","type":"page","link":"https:\/\/kindersprache.ch\/","title":{"rendered":"\u00dcber uns"},"content":{"rendered":"<p>Wir, Sabrina Disabato und Ann-Sabine K\u00fcnzler, dipl. Logop\u00e4dinnen, richten uns mit dieser Website an Eltern und Bezugspersonen von kleinen Kindern.<\/p>\n<p>www.kindersprache.ch bietet einen \u00dcberblick \u00fcber die Sprachentwicklung und m\u00f6gliche Sprachst\u00f6rungen.<br \/>\nEinfach umsetzbare Ideen zur F\u00f6rderung der Sprache werden aufgezeigt.<\/p>\n<p>Die F\u00f6rderideen haben wir f\u00fcr Kinder im Sprachentwicklungsalter gesammelt. Selbstverst\u00e4ndlich sind sie f\u00fcr alle Kinder, die Freude daran haben, geeignet.<\/p>\n<p>Zudem enth\u00e4lt unsere Website Literaturlisten und Adressen von Fachstellen sowie Links zu anderen Websites mit verwandten Themen.<br \/>\nAllf\u00e4lligen R\u00fcckmeldungen, Anregungen oder Fragen nehmen wir gerne auf\u00a0<a href=\"mailto:info@kindersprache.ch\">info@kindersprache.ch<\/a>\u00a0entgegen.<\/p>\n","protected":false},"excerpt":{"rendered":"<p>Wir, Sabrina Disabato und Ann-Sabine K\u00fcnzler, dipl. Logop\u00e4dinnen, richten uns mit dieser Website an Eltern und Bezugspersonen von kleinen Kindern. www.kindersprache.ch bietet einen \u00dcberblick \u00fcber die Sprachentwicklung und m\u00f6gliche Sprachst\u00f6rungen. Einfach umsetzbare Ideen zur F\u00f6rderung der Sprache werden aufgezeigt. Die F\u00f6rderideen haben wir f\u00fcr Kinder im Sprachentwicklungsalter gesammelt. Selbstverst\u00e4ndlich sind sie f\u00fcr alle Kinder, die [&hellip;]<\/p>\n","protected":false},"author":1,"featured_media":0,"parent":0,"menu_order":0,"comment_status":"closed","ping_status":"closed","template":"","meta":{"footnotes":""},"class_list":["post-2","page","type-page","status-publish","hentry"],"_links":{"self":[{"href":"https:\/\/kindersprache.ch\/index.php\/wp-json\/wp\/v2\/pages\/2","targetHints":{"allow":["GET"]}}],"collection":[{"href":"https:\/\/kindersprache.ch\/index.php\/wp-json\/wp\/v2\/pages"}],"about":[{"href":"https:\/\/kindersprache.ch\/index.php\/wp-json\/wp\/v2\/types\/page"}],"author":[{"embeddable":true,"href":"https:\/\/kindersprache.ch\/index.php\/wp-json\/wp\/v2\/users\/1"}],"replies":[{"embeddable":true,"href":"https:\/\/kindersprache.ch\/index.php\/wp-json\/wp\/v2\/comments?post=2"}],"version-history":[{"count":3,"href":"https:\/\/kindersprache.ch\/index.php\/wp-json\/wp\/v2\/pages\/2\/revisions"}],"predecessor-version":[{"id":219,"href":"https:\/\/kindersprache.ch\/index.php\/wp-json\/wp\/v2\/pages\/2\/revisions\/219"}],"wp:attachment":[{"href":"https:\/\/kindersprache.ch\/index.php\/wp-json\/wp\/v2\/media?parent=2"}],"curies":[{"name":"wp","href":"https:\/\/api.w.org\/{rel}","templated":true}]}}